{"id":10173,"date":"2023-07-02T15:46:52","date_gmt":"2023-07-02T13:46:52","guid":{"rendered":"https:\/\/www.apros.it\/prodotti\/non%20class\u00e9\/flex\/"},"modified":"2025-07-20T12:51:18","modified_gmt":"2025-07-20T10:51:18","slug":"flex","status":"publish","type":"product","link":"https:\/\/www.apros.it\/fr\/produits\/conduits-de-cheminee\/flex\/","title":{"rendered":"FLEX"},"content":{"rendered":"<p><strong>T200-P1-W-V2-L50012-O\u2026<\/strong><br \/>\n<strong>T600-N1-W-V2-L50012-G\u2026<\/strong><\/p>\n","protected":false},"excerpt":{"rendered":"<p><strong>Tuyau flexible in AISI 316L double paroi<\/strong> avec \u00e9paisseur de 0,12 mm. L&rsquo;int\u00e9rieur est lisse et l&rsquo;ext\u00e9rieur est ondul\u00e9. Cette caract\u00e9ristique il convient au conduit ou \u00e0 la r\u00e9novation de chemin\u00e9es techniques existantes de forme irr\u00e9guli\u00e8re ou curviligne. Il peut \u00e9galement \u00eatre utilis\u00e9 comme conduit pour la ventilation et le conditionnement de l&rsquo;air.<\/p>\n<p><strong>La gamme se compose de 87 r\u00e9f\u00e9rences<\/strong> avec un diam\u00e8tre de 80 \u00e0 300 mm et une seule finition en acier inoxydable.<\/p>\n","protected":false},"featured_media":10174,"template":"","meta":{"_acf_changed":false},"product_cat":[152],"product_tag":[],"class_list":["post-10173","product","type-product","status-publish","has-post-thumbnail","hentry","product_cat-conduits-de-cheminee"],"acf":[],"yoast_head":"<!-- This site is optimized with the Yoast SEO plugin v27.3 - https:\/\/yoast.com\/product\/yoast-seo-wordpress\/ -->\n<title>FLEX - Apros : conduits de chemin\u00e9e, accessoires de conduits de chemin\u00e9e, tuyaux peints pour po\u00eales \u00e0 bois et \u00e0 granul\u00e9s<\/title>\n<meta name=\"robots\" content=\"index, follow, max-snippet:-1, max-image-preview:large, max-video-preview:-1\" \/>\n<link rel=\"canonical\" href=\"https:\/\/www.apros.it\/fr\/produits\/conduits-de-cheminee\/flex\/\" \/>\n<meta property=\"og:locale\" content=\"fr_FR\" \/>\n<meta property=\"og:type\" content=\"article\" \/>\n<meta property=\"og:title\" content=\"FLEX - Apros : conduits de chemin\u00e9e, accessoires de conduits de chemin\u00e9e, tuyaux peints pour po\u00eales \u00e0 bois et \u00e0 granul\u00e9s\" \/>\n<meta property=\"og:description\" content=\"Tuyau flexible in AISI 316L double paroi avec \u00e9paisseur de 0,12 mm. L&#039;int\u00e9rieur est lisse et l&#039;ext\u00e9rieur est ondul\u00e9. Cette caract\u00e9ristique il convient au conduit ou \u00e0 la r\u00e9novation de chemin\u00e9es techniques existantes de forme irr\u00e9guli\u00e8re ou curviligne. Il peut \u00e9galement \u00eatre utilis\u00e9 comme conduit pour la ventilation et le conditionnement de l&#039;air.  La gamme se compose de 87 r\u00e9f\u00e9rences avec un diam\u00e8tre de 80 \u00e0 300 mm et une seule finition en acier inoxydable.\" \/>\n<meta property=\"og:url\" content=\"https:\/\/www.apros.it\/fr\/produits\/conduits-de-cheminee\/flex\/\" \/>\n<meta property=\"og:site_name\" content=\"Apros : conduits de chemin\u00e9e, accessoires de conduits de chemin\u00e9e, tuyaux peints pour po\u00eales \u00e0 bois et \u00e0 granul\u00e9s\" \/>\n<meta property=\"article:modified_time\" content=\"2025-07-20T10:51:18+00:00\" \/>\n<meta property=\"og:image\" content=\"https:\/\/www.apros.it\/wp-content\/uploads\/2023\/07\/linea-FLEX.jpg\" \/>\n\t<meta property=\"og:image:width\" content=\"800\" \/>\n\t<meta property=\"og:image:height\" content=\"876\" \/>\n\t<meta property=\"og:image:type\" content=\"image\/jpeg\" \/>\n<meta name=\"twitter:card\" content=\"summary_large_image\" \/>\n<script type=\"application\/ld+json\" class=\"yoast-schema-graph\">{\"@context\":\"https:\\\/\\\/schema.org\",\"@graph\":[{\"@type\":\"WebPage\",\"@id\":\"https:\\\/\\\/www.apros.it\\\/fr\\\/produits\\\/conduits-de-cheminee\\\/flex\\\/\",\"url\":\"https:\\\/\\\/www.apros.it\\\/fr\\\/produits\\\/conduits-de-cheminee\\\/flex\\\/\",\"name\":\"FLEX - Apros : conduits de chemin\u00e9e, accessoires de conduits de chemin\u00e9e, tuyaux peints pour po\u00eales \u00e0 bois et \u00e0 granul\u00e9s\",\"isPartOf\":{\"@id\":\"https:\\\/\\\/www.apros.it\\\/fr\\\/#website\"},\"primaryImageOfPage\":{\"@id\":\"https:\\\/\\\/www.apros.it\\\/fr\\\/produits\\\/conduits-de-cheminee\\\/flex\\\/#primaryimage\"},\"image\":{\"@id\":\"https:\\\/\\\/www.apros.it\\\/fr\\\/produits\\\/conduits-de-cheminee\\\/flex\\\/#primaryimage\"},\"thumbnailUrl\":\"https:\\\/\\\/www.apros.it\\\/wp-content\\\/uploads\\\/2023\\\/07\\\/linea-FLEX.jpg\",\"datePublished\":\"2023-07-02T13:46:52+00:00\",\"dateModified\":\"2025-07-20T10:51:18+00:00\",\"breadcrumb\":{\"@id\":\"https:\\\/\\\/www.apros.it\\\/fr\\\/produits\\\/conduits-de-cheminee\\\/flex\\\/#breadcrumb\"},\"inLanguage\":\"fr-FR\",\"potentialAction\":[{\"@type\":\"ReadAction\",\"target\":[\"https:\\\/\\\/www.apros.it\\\/fr\\\/produits\\\/conduits-de-cheminee\\\/flex\\\/\"]}]},{\"@type\":\"ImageObject\",\"inLanguage\":\"fr-FR\",\"@id\":\"https:\\\/\\\/www.apros.it\\\/fr\\\/produits\\\/conduits-de-cheminee\\\/flex\\\/#primaryimage\",\"url\":\"https:\\\/\\\/www.apros.it\\\/wp-content\\\/uploads\\\/2023\\\/07\\\/linea-FLEX.jpg\",\"contentUrl\":\"https:\\\/\\\/www.apros.it\\\/wp-content\\\/uploads\\\/2023\\\/07\\\/linea-FLEX.jpg\",\"width\":800,\"height\":876},{\"@type\":\"BreadcrumbList\",\"@id\":\"https:\\\/\\\/www.apros.it\\\/fr\\\/produits\\\/conduits-de-cheminee\\\/flex\\\/#breadcrumb\",\"itemListElement\":[{\"@type\":\"ListItem\",\"position\":1,\"name\":\"Home\",\"item\":\"https:\\\/\\\/www.apros.it\\\/fr\\\/\"},{\"@type\":\"ListItem\",\"position\":2,\"name\":\"Produits\",\"item\":\"https:\\\/\\\/www.apros.it\\\/prodotti\\\/\"},{\"@type\":\"ListItem\",\"position\":3,\"name\":\"FLEX\"}]},{\"@type\":\"WebSite\",\"@id\":\"https:\\\/\\\/www.apros.it\\\/fr\\\/#website\",\"url\":\"https:\\\/\\\/www.apros.it\\\/fr\\\/\",\"name\":\"Apros : conduits de chemin\u00e9e, accessoires de conduits de chemin\u00e9e, tuyaux peints pour po\u00eales \u00e0 bois et \u00e0 granul\u00e9s\",\"description\":\"\",\"potentialAction\":[{\"@type\":\"SearchAction\",\"target\":{\"@type\":\"EntryPoint\",\"urlTemplate\":\"https:\\\/\\\/www.apros.it\\\/fr\\\/?s={search_term_string}\"},\"query-input\":{\"@type\":\"PropertyValueSpecification\",\"valueRequired\":true,\"valueName\":\"search_term_string\"}}],\"inLanguage\":\"fr-FR\"}]}<\/script>\n<!-- \/ Yoast SEO plugin. -->","yoast_head_json":{"title":"FLEX - Apros : conduits de chemin\u00e9e, accessoires de conduits de chemin\u00e9e, tuyaux peints pour po\u00eales \u00e0 bois et \u00e0 granul\u00e9s","robots":{"index":"index","follow":"follow","max-snippet":"max-snippet:-1","max-image-preview":"max-image-preview:large","max-video-preview":"max-video-preview:-1"},"canonical":"https:\/\/www.apros.it\/fr\/produits\/conduits-de-cheminee\/flex\/","og_locale":"fr_FR","og_type":"article","og_title":"FLEX - Apros : conduits de chemin\u00e9e, accessoires de conduits de chemin\u00e9e, tuyaux peints pour po\u00eales \u00e0 bois et \u00e0 granul\u00e9s","og_description":"Tuyau flexible in AISI 316L double paroi avec \u00e9paisseur de 0,12 mm. L'int\u00e9rieur est lisse et l'ext\u00e9rieur est ondul\u00e9. Cette caract\u00e9ristique il convient au conduit ou \u00e0 la r\u00e9novation de chemin\u00e9es techniques existantes de forme irr\u00e9guli\u00e8re ou curviligne. Il peut \u00e9galement \u00eatre utilis\u00e9 comme conduit pour la ventilation et le conditionnement de l'air.  La gamme se compose de 87 r\u00e9f\u00e9rences avec un diam\u00e8tre de 80 \u00e0 300 mm et une seule finition en acier inoxydable.","og_url":"https:\/\/www.apros.it\/fr\/produits\/conduits-de-cheminee\/flex\/","og_site_name":"Apros : conduits de chemin\u00e9e, accessoires de conduits de chemin\u00e9e, tuyaux peints pour po\u00eales \u00e0 bois et \u00e0 granul\u00e9s","article_modified_time":"2025-07-20T10:51:18+00:00","og_image":[{"width":800,"height":876,"url":"https:\/\/www.apros.it\/wp-content\/uploads\/2023\/07\/linea-FLEX.jpg","type":"image\/jpeg"}],"twitter_card":"summary_large_image","schema":{"@context":"https:\/\/schema.org","@graph":[{"@type":"WebPage","@id":"https:\/\/www.apros.it\/fr\/produits\/conduits-de-cheminee\/flex\/","url":"https:\/\/www.apros.it\/fr\/produits\/conduits-de-cheminee\/flex\/","name":"FLEX - Apros : conduits de chemin\u00e9e, accessoires de conduits de chemin\u00e9e, tuyaux peints pour po\u00eales \u00e0 bois et \u00e0 granul\u00e9s","isPartOf":{"@id":"https:\/\/www.apros.it\/fr\/#website"},"primaryImageOfPage":{"@id":"https:\/\/www.apros.it\/fr\/produits\/conduits-de-cheminee\/flex\/#primaryimage"},"image":{"@id":"https:\/\/www.apros.it\/fr\/produits\/conduits-de-cheminee\/flex\/#primaryimage"},"thumbnailUrl":"https:\/\/www.apros.it\/wp-content\/uploads\/2023\/07\/linea-FLEX.jpg","datePublished":"2023-07-02T13:46:52+00:00","dateModified":"2025-07-20T10:51:18+00:00","breadcrumb":{"@id":"https:\/\/www.apros.it\/fr\/produits\/conduits-de-cheminee\/flex\/#breadcrumb"},"inLanguage":"fr-FR","potentialAction":[{"@type":"ReadAction","target":["https:\/\/www.apros.it\/fr\/produits\/conduits-de-cheminee\/flex\/"]}]},{"@type":"ImageObject","inLanguage":"fr-FR","@id":"https:\/\/www.apros.it\/fr\/produits\/conduits-de-cheminee\/flex\/#primaryimage","url":"https:\/\/www.apros.it\/wp-content\/uploads\/2023\/07\/linea-FLEX.jpg","contentUrl":"https:\/\/www.apros.it\/wp-content\/uploads\/2023\/07\/linea-FLEX.jpg","width":800,"height":876},{"@type":"BreadcrumbList","@id":"https:\/\/www.apros.it\/fr\/produits\/conduits-de-cheminee\/flex\/#breadcrumb","itemListElement":[{"@type":"ListItem","position":1,"name":"Home","item":"https:\/\/www.apros.it\/fr\/"},{"@type":"ListItem","position":2,"name":"Produits","item":"https:\/\/www.apros.it\/prodotti\/"},{"@type":"ListItem","position":3,"name":"FLEX"}]},{"@type":"WebSite","@id":"https:\/\/www.apros.it\/fr\/#website","url":"https:\/\/www.apros.it\/fr\/","name":"Apros : conduits de chemin\u00e9e, accessoires de conduits de chemin\u00e9e, tuyaux peints pour po\u00eales \u00e0 bois et \u00e0 granul\u00e9s","description":"","potentialAction":[{"@type":"SearchAction","target":{"@type":"EntryPoint","urlTemplate":"https:\/\/www.apros.it\/fr\/?s={search_term_string}"},"query-input":{"@type":"PropertyValueSpecification","valueRequired":true,"valueName":"search_term_string"}}],"inLanguage":"fr-FR"}]}},"_links":{"self":[{"href":"https:\/\/www.apros.it\/fr\/wp-json\/wp\/v2\/product\/10173","targetHints":{"allow":["GET"]}}],"collection":[{"href":"https:\/\/www.apros.it\/fr\/wp-json\/wp\/v2\/product"}],"about":[{"href":"https:\/\/www.apros.it\/fr\/wp-json\/wp\/v2\/types\/product"}],"wp:featuredmedia":[{"embeddable":true,"href":"https:\/\/www.apros.it\/fr\/wp-json\/wp\/v2\/media\/10174"}],"wp:attachment":[{"href":"https:\/\/www.apros.it\/fr\/wp-json\/wp\/v2\/media?parent=10173"}],"wp:term":[{"taxonomy":"product_cat","embeddable":true,"href":"https:\/\/www.apros.it\/fr\/wp-json\/wp\/v2\/product_cat?post=10173"},{"taxonomy":"product_tag","embeddable":true,"href":"https:\/\/www.apros.it\/fr\/wp-json\/wp\/v2\/product_tag?post=10173"}],"curies":[{"name":"wp","href":"https:\/\/api.w.org\/{rel}","templated":true}]}}