{"id":10171,"date":"2023-07-02T15:44:16","date_gmt":"2023-07-02T13:44:16","guid":{"rendered":"https:\/\/www.apros.it\/prodotti\/non%20class\u00e9\/vela\/"},"modified":"2025-07-20T12:51:08","modified_gmt":"2025-07-20T10:51:08","slug":"vela","status":"publish","type":"product","link":"https:\/\/www.apros.it\/fr\/produits\/conduits-de-cheminee\/vela\/","title":{"rendered":"VELA"},"content":{"rendered":"<p><strong>T200-P1-W-V2-L50012-O80<\/strong><br \/>\n<strong>T450-N1-W-V2-L50012-G80<\/strong><\/p>\n","protected":false},"excerpt":{"rendered":"<p><strong>Tuyaux flexibles isol\u00e9s \u00e0 double paroi en acier inoxydable AISI 316L.<\/strong> \u00c9paisseur de la paroi int\u00e9rieure 0,12 mm. Il est certifi\u00e9 G80 = 80 mm du mur inflammable. Vela, am\u00e9liore la performance des po\u00eales \u00e0 bois et \u00e0 granul\u00e9s qui fonctionnent avec des temp\u00e9ratures de sortie de fum\u00e9e basses. Il convient au conduit ou \u00e0 la r\u00e9novation de chemin\u00e9es techniques existantes ayant forme irr\u00e9guli\u00e8re et curviligne. Est compatible avec nos gammes Dynamic Two et Flex.<\/p>\n<p><strong>La gamme est compos\u00e9e de 16 r\u00e9f\u00e9rences.<\/strong> Le diam\u00e8tre est disponible en quatre tailles: 80\/140, 100\/160, 130\/190, 150\/210 mm, avec une seule finition en acier Inox.<\/p>\n","protected":false},"featured_media":10172,"template":"","meta":{"_acf_changed":false},"product_cat":[152],"product_tag":[],"class_list":["post-10171","product","type-product","status-publish","has-post-thumbnail","hentry","product_cat-conduits-de-cheminee"],"acf":[],"yoast_head":"<!-- This site is optimized with the Yoast SEO plugin v27.3 - https:\/\/yoast.com\/product\/yoast-seo-wordpress\/ -->\n<title>VELA - Apros : conduits de chemin\u00e9e, accessoires de conduits de chemin\u00e9e, tuyaux peints pour po\u00eales \u00e0 bois et \u00e0 granul\u00e9s<\/title>\n<meta name=\"robots\" content=\"index, follow, max-snippet:-1, max-image-preview:large, max-video-preview:-1\" \/>\n<link rel=\"canonical\" href=\"https:\/\/www.apros.it\/fr\/produits\/conduits-de-cheminee\/vela\/\" \/>\n<meta property=\"og:locale\" content=\"fr_FR\" \/>\n<meta property=\"og:type\" content=\"article\" \/>\n<meta property=\"og:title\" content=\"VELA - Apros : conduits de chemin\u00e9e, accessoires de conduits de chemin\u00e9e, tuyaux peints pour po\u00eales \u00e0 bois et \u00e0 granul\u00e9s\" \/>\n<meta property=\"og:description\" content=\"Tuyaux flexibles isol\u00e9s \u00e0 double paroi en acier inoxydable AISI 316L. \u00c9paisseur de la paroi int\u00e9rieure 0,12 mm. Il est certifi\u00e9 G80 = 80 mm du mur inflammable. Vela, am\u00e9liore la performance des po\u00eales \u00e0 bois et \u00e0 granul\u00e9s qui fonctionnent avec des temp\u00e9ratures de sortie de fum\u00e9e basses. Il convient au conduit ou \u00e0 la r\u00e9novation de chemin\u00e9es techniques existantes ayant forme irr\u00e9guli\u00e8re et curviligne. Est compatible avec nos gammes Dynamic Two et Flex.  La gamme est compos\u00e9e de 16 r\u00e9f\u00e9rences. Le diam\u00e8tre est disponible en quatre tailles: 80\/140, 100\/160, 130\/190, 150\/210 mm, avec une seule finition en acier Inox.\" \/>\n<meta property=\"og:url\" content=\"https:\/\/www.apros.it\/fr\/produits\/conduits-de-cheminee\/vela\/\" \/>\n<meta property=\"og:site_name\" content=\"Apros : conduits de chemin\u00e9e, accessoires de conduits de chemin\u00e9e, tuyaux peints pour po\u00eales \u00e0 bois et \u00e0 granul\u00e9s\" \/>\n<meta property=\"article:modified_time\" content=\"2025-07-20T10:51:08+00:00\" \/>\n<meta property=\"og:image\" content=\"https:\/\/www.apros.it\/wp-content\/uploads\/2023\/07\/linea-VELA.jpg\" \/>\n\t<meta property=\"og:image:width\" content=\"800\" \/>\n\t<meta property=\"og:image:height\" content=\"876\" \/>\n\t<meta property=\"og:image:type\" content=\"image\/jpeg\" \/>\n<meta name=\"twitter:card\" content=\"summary_large_image\" \/>\n<script type=\"application\/ld+json\" class=\"yoast-schema-graph\">{\"@context\":\"https:\\\/\\\/schema.org\",\"@graph\":[{\"@type\":\"WebPage\",\"@id\":\"https:\\\/\\\/www.apros.it\\\/fr\\\/produits\\\/conduits-de-cheminee\\\/vela\\\/\",\"url\":\"https:\\\/\\\/www.apros.it\\\/fr\\\/produits\\\/conduits-de-cheminee\\\/vela\\\/\",\"name\":\"VELA - Apros : conduits de chemin\u00e9e, accessoires de conduits de chemin\u00e9e, tuyaux peints pour po\u00eales \u00e0 bois et \u00e0 granul\u00e9s\",\"isPartOf\":{\"@id\":\"https:\\\/\\\/www.apros.it\\\/fr\\\/#website\"},\"primaryImageOfPage\":{\"@id\":\"https:\\\/\\\/www.apros.it\\\/fr\\\/produits\\\/conduits-de-cheminee\\\/vela\\\/#primaryimage\"},\"image\":{\"@id\":\"https:\\\/\\\/www.apros.it\\\/fr\\\/produits\\\/conduits-de-cheminee\\\/vela\\\/#primaryimage\"},\"thumbnailUrl\":\"https:\\\/\\\/www.apros.it\\\/wp-content\\\/uploads\\\/2023\\\/07\\\/linea-VELA.jpg\",\"datePublished\":\"2023-07-02T13:44:16+00:00\",\"dateModified\":\"2025-07-20T10:51:08+00:00\",\"breadcrumb\":{\"@id\":\"https:\\\/\\\/www.apros.it\\\/fr\\\/produits\\\/conduits-de-cheminee\\\/vela\\\/#breadcrumb\"},\"inLanguage\":\"fr-FR\",\"potentialAction\":[{\"@type\":\"ReadAction\",\"target\":[\"https:\\\/\\\/www.apros.it\\\/fr\\\/produits\\\/conduits-de-cheminee\\\/vela\\\/\"]}]},{\"@type\":\"ImageObject\",\"inLanguage\":\"fr-FR\",\"@id\":\"https:\\\/\\\/www.apros.it\\\/fr\\\/produits\\\/conduits-de-cheminee\\\/vela\\\/#primaryimage\",\"url\":\"https:\\\/\\\/www.apros.it\\\/wp-content\\\/uploads\\\/2023\\\/07\\\/linea-VELA.jpg\",\"contentUrl\":\"https:\\\/\\\/www.apros.it\\\/wp-content\\\/uploads\\\/2023\\\/07\\\/linea-VELA.jpg\",\"width\":800,\"height\":876},{\"@type\":\"BreadcrumbList\",\"@id\":\"https:\\\/\\\/www.apros.it\\\/fr\\\/produits\\\/conduits-de-cheminee\\\/vela\\\/#breadcrumb\",\"itemListElement\":[{\"@type\":\"ListItem\",\"position\":1,\"name\":\"Home\",\"item\":\"https:\\\/\\\/www.apros.it\\\/fr\\\/\"},{\"@type\":\"ListItem\",\"position\":2,\"name\":\"Produits\",\"item\":\"https:\\\/\\\/www.apros.it\\\/prodotti\\\/\"},{\"@type\":\"ListItem\",\"position\":3,\"name\":\"VELA\"}]},{\"@type\":\"WebSite\",\"@id\":\"https:\\\/\\\/www.apros.it\\\/fr\\\/#website\",\"url\":\"https:\\\/\\\/www.apros.it\\\/fr\\\/\",\"name\":\"Apros : conduits de chemin\u00e9e, accessoires de conduits de chemin\u00e9e, tuyaux peints pour po\u00eales \u00e0 bois et \u00e0 granul\u00e9s\",\"description\":\"\",\"potentialAction\":[{\"@type\":\"SearchAction\",\"target\":{\"@type\":\"EntryPoint\",\"urlTemplate\":\"https:\\\/\\\/www.apros.it\\\/fr\\\/?s={search_term_string}\"},\"query-input\":{\"@type\":\"PropertyValueSpecification\",\"valueRequired\":true,\"valueName\":\"search_term_string\"}}],\"inLanguage\":\"fr-FR\"}]}<\/script>\n<!-- \/ Yoast SEO plugin. -->","yoast_head_json":{"title":"VELA - Apros : conduits de chemin\u00e9e, accessoires de conduits de chemin\u00e9e, tuyaux peints pour po\u00eales \u00e0 bois et \u00e0 granul\u00e9s","robots":{"index":"index","follow":"follow","max-snippet":"max-snippet:-1","max-image-preview":"max-image-preview:large","max-video-preview":"max-video-preview:-1"},"canonical":"https:\/\/www.apros.it\/fr\/produits\/conduits-de-cheminee\/vela\/","og_locale":"fr_FR","og_type":"article","og_title":"VELA - Apros : conduits de chemin\u00e9e, accessoires de conduits de chemin\u00e9e, tuyaux peints pour po\u00eales \u00e0 bois et \u00e0 granul\u00e9s","og_description":"Tuyaux flexibles isol\u00e9s \u00e0 double paroi en acier inoxydable AISI 316L. \u00c9paisseur de la paroi int\u00e9rieure 0,12 mm. Il est certifi\u00e9 G80 = 80 mm du mur inflammable. Vela, am\u00e9liore la performance des po\u00eales \u00e0 bois et \u00e0 granul\u00e9s qui fonctionnent avec des temp\u00e9ratures de sortie de fum\u00e9e basses. Il convient au conduit ou \u00e0 la r\u00e9novation de chemin\u00e9es techniques existantes ayant forme irr\u00e9guli\u00e8re et curviligne. Est compatible avec nos gammes Dynamic Two et Flex.  La gamme est compos\u00e9e de 16 r\u00e9f\u00e9rences. Le diam\u00e8tre est disponible en quatre tailles: 80\/140, 100\/160, 130\/190, 150\/210 mm, avec une seule finition en acier Inox.","og_url":"https:\/\/www.apros.it\/fr\/produits\/conduits-de-cheminee\/vela\/","og_site_name":"Apros : conduits de chemin\u00e9e, accessoires de conduits de chemin\u00e9e, tuyaux peints pour po\u00eales \u00e0 bois et \u00e0 granul\u00e9s","article_modified_time":"2025-07-20T10:51:08+00:00","og_image":[{"width":800,"height":876,"url":"https:\/\/www.apros.it\/wp-content\/uploads\/2023\/07\/linea-VELA.jpg","type":"image\/jpeg"}],"twitter_card":"summary_large_image","schema":{"@context":"https:\/\/schema.org","@graph":[{"@type":"WebPage","@id":"https:\/\/www.apros.it\/fr\/produits\/conduits-de-cheminee\/vela\/","url":"https:\/\/www.apros.it\/fr\/produits\/conduits-de-cheminee\/vela\/","name":"VELA - Apros : conduits de chemin\u00e9e, accessoires de conduits de chemin\u00e9e, tuyaux peints pour po\u00eales \u00e0 bois et \u00e0 granul\u00e9s","isPartOf":{"@id":"https:\/\/www.apros.it\/fr\/#website"},"primaryImageOfPage":{"@id":"https:\/\/www.apros.it\/fr\/produits\/conduits-de-cheminee\/vela\/#primaryimage"},"image":{"@id":"https:\/\/www.apros.it\/fr\/produits\/conduits-de-cheminee\/vela\/#primaryimage"},"thumbnailUrl":"https:\/\/www.apros.it\/wp-content\/uploads\/2023\/07\/linea-VELA.jpg","datePublished":"2023-07-02T13:44:16+00:00","dateModified":"2025-07-20T10:51:08+00:00","breadcrumb":{"@id":"https:\/\/www.apros.it\/fr\/produits\/conduits-de-cheminee\/vela\/#breadcrumb"},"inLanguage":"fr-FR","potentialAction":[{"@type":"ReadAction","target":["https:\/\/www.apros.it\/fr\/produits\/conduits-de-cheminee\/vela\/"]}]},{"@type":"ImageObject","inLanguage":"fr-FR","@id":"https:\/\/www.apros.it\/fr\/produits\/conduits-de-cheminee\/vela\/#primaryimage","url":"https:\/\/www.apros.it\/wp-content\/uploads\/2023\/07\/linea-VELA.jpg","contentUrl":"https:\/\/www.apros.it\/wp-content\/uploads\/2023\/07\/linea-VELA.jpg","width":800,"height":876},{"@type":"BreadcrumbList","@id":"https:\/\/www.apros.it\/fr\/produits\/conduits-de-cheminee\/vela\/#breadcrumb","itemListElement":[{"@type":"ListItem","position":1,"name":"Home","item":"https:\/\/www.apros.it\/fr\/"},{"@type":"ListItem","position":2,"name":"Produits","item":"https:\/\/www.apros.it\/prodotti\/"},{"@type":"ListItem","position":3,"name":"VELA"}]},{"@type":"WebSite","@id":"https:\/\/www.apros.it\/fr\/#website","url":"https:\/\/www.apros.it\/fr\/","name":"Apros : conduits de chemin\u00e9e, accessoires de conduits de chemin\u00e9e, tuyaux peints pour po\u00eales \u00e0 bois et \u00e0 granul\u00e9s","description":"","potentialAction":[{"@type":"SearchAction","target":{"@type":"EntryPoint","urlTemplate":"https:\/\/www.apros.it\/fr\/?s={search_term_string}"},"query-input":{"@type":"PropertyValueSpecification","valueRequired":true,"valueName":"search_term_string"}}],"inLanguage":"fr-FR"}]}},"_links":{"self":[{"href":"https:\/\/www.apros.it\/fr\/wp-json\/wp\/v2\/product\/10171","targetHints":{"allow":["GET"]}}],"collection":[{"href":"https:\/\/www.apros.it\/fr\/wp-json\/wp\/v2\/product"}],"about":[{"href":"https:\/\/www.apros.it\/fr\/wp-json\/wp\/v2\/types\/product"}],"wp:featuredmedia":[{"embeddable":true,"href":"https:\/\/www.apros.it\/fr\/wp-json\/wp\/v2\/media\/10172"}],"wp:attachment":[{"href":"https:\/\/www.apros.it\/fr\/wp-json\/wp\/v2\/media?parent=10171"}],"wp:term":[{"taxonomy":"product_cat","embeddable":true,"href":"https:\/\/www.apros.it\/fr\/wp-json\/wp\/v2\/product_cat?post=10171"},{"taxonomy":"product_tag","embeddable":true,"href":"https:\/\/www.apros.it\/fr\/wp-json\/wp\/v2\/product_tag?post=10171"}],"curies":[{"name":"wp","href":"https:\/\/api.w.org\/{rel}","templated":true}]}}