{"version":"1.0","provider_name":"Apros : conduits de chemin\u00e9e, accessoires de conduits de chemin\u00e9e, tuyaux peints pour po\u00eales \u00e0 bois et \u00e0 granul\u00e9s","provider_url":"https:\/\/www.apros.it\/fr\/","author_name":"stefano","author_url":"https:\/\/www.apros.it\/fr\/author\/stefano\/","title":"FLEX - Apros : conduits de chemin\u00e9e, accessoires de conduits de chemin\u00e9e, tuyaux peints pour po\u00eales \u00e0 bois et \u00e0 granul\u00e9s","type":"rich","width":600,"height":338,"html":"<blockquote class=\"wp-embedded-content\" data-secret=\"LIDX1OGUIs\"><a href=\"https:\/\/www.apros.it\/fr\/produits\/conduits-de-cheminee\/flex\/\">FLEX<\/a><\/blockquote><iframe sandbox=\"allow-scripts\" security=\"restricted\" src=\"https:\/\/www.apros.it\/fr\/produits\/conduits-de-cheminee\/flex\/embed\/#?secret=LIDX1OGUIs\" width=\"600\" height=\"338\" title=\"\u00ab\u00a0FLEX\u00a0\u00bb &#8212; Apros : conduits de chemin\u00e9e, accessoires de conduits de chemin\u00e9e, tuyaux peints pour po\u00eales \u00e0 bois et \u00e0 granul\u00e9s\" data-secret=\"LIDX1OGUIs\" frameborder=\"0\" marginwidth=\"0\" marginheight=\"0\" scrolling=\"no\" class=\"wp-embedded-content\"><\/iframe><script type=\"text\/javascript\">\n\/* <![CDATA[ *\/\n\/*! This file is auto-generated *\/\n!function(d,l){\"use strict\";l.querySelector&&d.addEventListener&&\"undefined\"!=typeof URL&&(d.wp=d.wp||{},d.wp.receiveEmbedMessage||(d.wp.receiveEmbedMessage=function(e){var t=e.data;if((t||t.secret||t.message||t.value)&&!\/[^a-zA-Z0-9]\/.test(t.secret)){for(var s,r,n,a=l.querySelectorAll('iframe[data-secret=\"'+t.secret+'\"]'),o=l.querySelectorAll('blockquote[data-secret=\"'+t.secret+'\"]'),c=new RegExp(\"^https?:$\",\"i\"),i=0;i<o.length;i++)o[i].style.display=\"none\";for(i=0;i<a.length;i++)s=a[i],e.source===s.contentWindow&&(s.removeAttribute(\"style\"),\"height\"===t.message?(1e3<(r=parseInt(t.value,10))?r=1e3:~~r<200&&(r=200),s.height=r):\"link\"===t.message&&(r=new URL(s.getAttribute(\"src\")),n=new URL(t.value),c.test(n.protocol))&&n.host===r.host&&l.activeElement===s&&(d.top.location.href=t.value))}},d.addEventListener(\"message\",d.wp.receiveEmbedMessage,!1),l.addEventListener(\"DOMContentLoaded\",function(){for(var e,t,s=l.querySelectorAll(\"iframe.wp-embedded-content\"),r=0;r<s.length;r++)(t=(e=s[r]).getAttribute(\"data-secret\"))||(t=Math.random().toString(36).substring(2,12),e.src+=\"#?secret=\"+t,e.setAttribute(\"data-secret\",t)),e.contentWindow.postMessage({message:\"ready\",secret:t},\"*\")},!1)))}(window,document);\n\/\/# sourceURL=https:\/\/www.apros.it\/wp-includes\/js\/wp-embed.min.js\n\/* ]]> *\/\n<\/script>\n","thumbnail_url":"https:\/\/www.apros.it\/wp-content\/uploads\/2023\/07\/linea-FLEX.jpg","thumbnail_width":800,"thumbnail_height":876,"description":"Tuyau flexible in AISI 316L double paroi avec \u00e9paisseur de 0,12 mm. L'int\u00e9rieur est lisse et l'ext\u00e9rieur est ondul\u00e9. Cette caract\u00e9ristique il convient au conduit ou \u00e0 la r\u00e9novation de chemin\u00e9es techniques existantes de forme irr\u00e9guli\u00e8re ou curviligne. Il peut \u00e9galement \u00eatre utilis\u00e9 comme conduit pour la ventilation et le conditionnement de l'air.  La gamme se compose de 87 r\u00e9f\u00e9rences avec un diam\u00e8tre de 80 \u00e0 300 mm et une seule finition en acier inoxydable."}