{"version":"1.0","provider_name":"Apros : conduits de chemin\u00e9e, accessoires de conduits de chemin\u00e9e, tuyaux peints pour po\u00eales \u00e0 bois et \u00e0 granul\u00e9s","provider_url":"https:\/\/www.apros.it\/fr\/","author_name":"stefano","author_url":"https:\/\/www.apros.it\/fr\/author\/stefano\/","title":"Dynamic TWO - Apros : conduits de chemin\u00e9e, accessoires de conduits de chemin\u00e9e, tuyaux peints pour po\u00eales \u00e0 bois et \u00e0 granul\u00e9s","type":"rich","width":600,"height":338,"html":"<blockquote class=\"wp-embedded-content\" data-secret=\"cNPksSL5JL\"><a href=\"https:\/\/www.apros.it\/fr\/produits\/conduits-de-cheminee\/dynamic-two\/\">Dynamic TWO<\/a><\/blockquote><iframe sandbox=\"allow-scripts\" security=\"restricted\" src=\"https:\/\/www.apros.it\/fr\/produits\/conduits-de-cheminee\/dynamic-two\/embed\/#?secret=cNPksSL5JL\" width=\"600\" height=\"338\" title=\"\u00ab\u00a0Dynamic TWO\u00a0\u00bb &#8212; Apros : conduits de chemin\u00e9e, accessoires de conduits de chemin\u00e9e, tuyaux peints pour po\u00eales \u00e0 bois et \u00e0 granul\u00e9s\" data-secret=\"cNPksSL5JL\" frameborder=\"0\" marginwidth=\"0\" marginheight=\"0\" scrolling=\"no\" class=\"wp-embedded-content\"><\/iframe><script type=\"text\/javascript\">\n\/* <![CDATA[ *\/\n\/*! This file is auto-generated *\/\n!function(d,l){\"use strict\";l.querySelector&&d.addEventListener&&\"undefined\"!=typeof URL&&(d.wp=d.wp||{},d.wp.receiveEmbedMessage||(d.wp.receiveEmbedMessage=function(e){var t=e.data;if((t||t.secret||t.message||t.value)&&!\/[^a-zA-Z0-9]\/.test(t.secret)){for(var s,r,n,a=l.querySelectorAll('iframe[data-secret=\"'+t.secret+'\"]'),o=l.querySelectorAll('blockquote[data-secret=\"'+t.secret+'\"]'),c=new RegExp(\"^https?:$\",\"i\"),i=0;i<o.length;i++)o[i].style.display=\"none\";for(i=0;i<a.length;i++)s=a[i],e.source===s.contentWindow&&(s.removeAttribute(\"style\"),\"height\"===t.message?(1e3<(r=parseInt(t.value,10))?r=1e3:~~r<200&&(r=200),s.height=r):\"link\"===t.message&&(r=new URL(s.getAttribute(\"src\")),n=new URL(t.value),c.test(n.protocol))&&n.host===r.host&&l.activeElement===s&&(d.top.location.href=t.value))}},d.addEventListener(\"message\",d.wp.receiveEmbedMessage,!1),l.addEventListener(\"DOMContentLoaded\",function(){for(var e,t,s=l.querySelectorAll(\"iframe.wp-embedded-content\"),r=0;r<s.length;r++)(t=(e=s[r]).getAttribute(\"data-secret\"))||(t=Math.random().toString(36).substring(2,12),e.src+=\"#?secret=\"+t,e.setAttribute(\"data-secret\",t)),e.contentWindow.postMessage({message:\"ready\",secret:t},\"*\")},!1)))}(window,document);\n\/\/# sourceURL=https:\/\/www.apros.it\/wp-includes\/js\/wp-embed.min.js\n\/* ]]> *\/\n<\/script>\n","thumbnail_url":"https:\/\/www.apros.it\/wp-content\/uploads\/2023\/07\/linea-Dynamic-TWO.jpg","thumbnail_width":800,"thumbnail_height":876,"description":"Syst\u00e8me de chemin\u00e9e isol\u00e9e \u00e0 double paroi pour l'ext\u00e9rieur. La paroi ext\u00e9rieure en acier inox AISI 304BA \u00e9paisseur 0,5 mm et pour les finitions peintes en acier galvanis\u00e9. Il a un \u00e9paisseur de 0,5 mm avec isolation de la laine de roche de 25 mm d'\u00e9paisseur souffl\u00e9e entre les parois \u00e0 une densit\u00e9 de 180 kg\/m\u00b3. Est \u00e9quip\u00e9 des anneaux sp\u00e9ciaux en acier inoxydable pour contenir l'isolant. Sa temp\u00e9rature de travail jusqu'\u00e0 200\u00b0C avec l'utilisation de joints en silicone (sur demande) ou 600\u00b0C sans joint.  La gamme est compos\u00e9e de 1984 r\u00e9f\u00e9rences. Elle est disponible avec un diam\u00e8tre de 80 \u00e0 350 mm et quatre finitions : Inox, cuivre, noir, couleur cuivre."}